{"id":259911,"date":"2025-07-02T16:55:52","date_gmt":"2025-07-02T14:55:52","guid":{"rendered":"https:\/\/coachlab.hu\/?page_id=259911"},"modified":"2025-12-30T21:57:36","modified_gmt":"2025-12-30T20:57:36","slug":"allaskeresesi-coach-karriervaltasi-tanacsado-szakerto","status":"publish","type":"page","link":"https:\/\/coachlab.hu\/de\/allaskeresesi-trainer-karriere-trainer-tanacsado-szakerto\/","title":{"rendered":"Coach f\u00fcr Stellensuche"},"content":{"rendered":"\n<!DOCTYPE html>\n<html lang=\"hu\">\n<head>\n    <meta charset=\"UTF-8\">\n    <meta name=\"viewport\" content=\"width=device-width, initial-scale=1.0\">\n    <title>\u00c1ll\u00e1skeres\u00e9si Coach | Karrierv\u00e1lt\u00e1s Tan\u00e1csad\u00f3 | CoachLab.hu<\/title>\n    <meta name=\"description\" content=\"Professzion\u00e1lis \u00e1ll\u00e1skeres\u00e9si coach \u00e9s karrierv\u00e1lt\u00e1s tan\u00e1csad\u00f3 szolg\u00e1ltat\u00e1sok. Sikeres karrierv\u00e1lt\u00e1shoz, \u00e1ll\u00e1skeres\u0151 tan\u00e1csad\u00e1shoz fordulj hozz\u00e1nk bizalommal!\">\n    <meta name=\"keywords\" content=\"\u00e1ll\u00e1skeres\u00e9si coach, \u00e1ll\u00e1skeres\u00e9si tan\u00e1csad\u00f3, karrierv\u00e1lt\u00e1s, karrier coaching, \u00e1ll\u00e1skeres\u00e9s, karriertan\u00e1csad\u00e1s\">\n \n<style>\n  .page-id-259911 h1.entry-title {\n    position: absolute !important;\n    left: -9999px !important;\n  }\n<\/style>\n\n   \n    <!-- Schema.org markup -->\n    <script type=\"application\/ld+json\">\n    {\n        \"@context\": \"https:\/\/schema.org\",\n        \"@type\": \"Service\",\n        \"name\": \"\u00c1ll\u00e1skeres\u00e9si Coach \u00e9s Karrierv\u00e1lt\u00e1s Tan\u00e1csad\u00f3\",\n        \"description\": \"Professzion\u00e1lis \u00e1ll\u00e1skeres\u00e9si coaching \u00e9s karrierv\u00e1lt\u00e1s tan\u00e1csad\u00f3 szolg\u00e1ltat\u00e1sok minden koroszt\u00e1ly sz\u00e1m\u00e1ra\",\n        \"provider\": {\n            \"@type\": \"Organization\",\n            \"name\": \"CoachLab\",\n            \"url\": \"https:\/\/coachlab.hu\"\n        },\n        \"serviceType\": \"Karriercoaching\",\n        \"areaServed\": \"Hungary\",\n        \"availableLanguage\": \"Hungarian\"\n    }\n    <\/script>\n\n    <!-- FAQ Schema -->\n    <script type=\"application\/ld+json\">\n    {\n        \"@context\": \"https:\/\/schema.org\",\n        \"@type\": \"FAQPage\",\n        \"mainEntity\": [\n            {\n                \"@type\": \"Question\",\n                \"name\": \"Miben seg\u00edt egy \u00e1ll\u00e1skeres\u00e9si coach?\",\n                \"acceptedAnswer\": {\n                    \"@type\": \"Answer\",\n                    \"text\": \"Egy \u00e1ll\u00e1skeres\u00e9si coach seg\u00edt optimaliz\u00e1lni az \u00f6n\u00e9letrajzodat, felk\u00e9sz\u00edt az \u00e1ll\u00e1sinterj\u00fakra, seg\u00edt azonos\u00edtani a karrierc\u00e9ljaidat \u00e9s strat\u00e9gi\u00e1t dolgoz ki a sikeres \u00e1ll\u00e1skeres\u00e9shez.\"\n                }\n            },\n            {\n                \"@type\": \"Question\", \n                \"name\": \"Mennyi id\u0151 alatt tal\u00e1lok \u00faj \u00e1ll\u00e1st a coaching seg\u00edts\u00e9g\u00e9vel?\",\n                \"acceptedAnswer\": {\n                    \"@type\": \"Answer\",\n                    \"text\": \"Az eredm\u00e9nyek egy\u00e9nenk\u00e9nt v\u00e1ltoznak, de \u00e1ltal\u00e1ban 2-6 h\u00f3napon bel\u00fcl siker\u00fcl megfelel\u0151 poz\u00edci\u00f3t tal\u00e1lni a coaching t\u00e1mogat\u00e1s\u00e1val.\"\n                }\n            },\n            {\n                \"@type\": \"Question\",\n                \"name\": \"Seg\u00edt a karrierv\u00e1lt\u00e1sban is a coaching?\", \n                \"acceptedAnswer\": {\n                    \"@type\": \"Answer\",\n                    \"text\": \"Igen, a karrierv\u00e1lt\u00e1s coaching seg\u00edt \u00faj ir\u00e1nyt tal\u00e1lni, \u00e1tmeneti id\u0151szakot kezelni \u00e9s sikeres v\u00e1lt\u00e1st megval\u00f3s\u00edtani ak\u00e1r 40-50 \u00e9v felett is.\"\n                }\n            },\n            {\n                \"@type\": \"Question\",\n                \"name\": \"Milyen koroszt\u00e1lyoknak aj\u00e1nlott a szolg\u00e1ltat\u00e1s?\",\n                \"acceptedAnswer\": {\n                    \"@type\": \"Answer\", \n                    \"text\": \"Minden koroszt\u00e1lynak - p\u00e1lyakezd\u0151kt\u0151l, fiatal vagy k\u00f6z\u00e9pkor\u00fa \u00e9s id\u0151sebb karrierv\u00e1lt\u00f3kig. Minden \u00e9lethelyzethez szem\u00e9lyre szabott megk\u00f6zel\u00edt\u00e9st alkalmazunk.\"\n                }\n            },\n            {\n                \"@type\": \"Question\",\n                \"name\": \"Online is el\u00e9rhet\u0151 a coaching szolg\u00e1ltat\u00e1s?\",\n                \"acceptedAnswer\": {\n                    \"@type\": \"Answer\",\n                    \"text\": \"Igen, online konzult\u00e1ci\u00f3kat is tartunk, \u00edgy b\u00e1rhonnan el\u00e9rhet\u0151 a szolg\u00e1ltat\u00e1sunk Magyarorsz\u00e1gon.\"\n                }\n            }\n        ]\n    }\n    <\/script>\n\n    <style>\n        * {\n            margin: 0;\n            padding: 0;\n            box-sizing: border-box;\n        }\n\n        body {\n            font-family: 'Segoe UI', Tahoma, Geneva, Verdana, sans-serif;\n            line-height: 1.6;\n            color: #2c3e50;\n            background: linear-gradient(135deg, #667eea 0%, #764ba2 100%);\n        }\n\n        .container {\n            max-width: 1200px;\n            margin: 0 auto;\n            padding: 0 20px;\n        }\n\n        \/* Header *\/\n        .header {\n            background: rgba(255, 255, 255, 0.95);\n            backdrop-filter: blur(10px);\n            padding: 20px 0;\n            box-shadow: 0 2px 20px rgba(0,0,0,0.1);\n        }\n<!--\n        .logo {\n            font-size: 2.5rem;\n            font-weight: bold;\n            color: #3498db;\n            text-align: center;\n        }\n-->\n        \/* Hero Section *\/\n        .hero {\n            background: linear-gradient(135deg, #667eea 0%, #764ba2 100%);\n            color: white;\n            padding: 90px 0;\n            text-align: center;\n            position: relative;\n            overflow: hidden;\n        }\n\n        .hero::before {\n            content: '';\n            position: absolute;\n            top: 0;\n            left: 0;\n            right: 0;\n            bottom: 0;\n            background: url('data:image\/svg+xml,<svg xmlns=\"http:\/\/www.w3.org\/2000\/svg\" viewBox=\"0 0 100 100\"><defs><pattern id=\"grain\" width=\"100\" height=\"100\" patternUnits=\"userSpaceOnUse\"><circle cx=\"50\" cy=\"50\" r=\"1\" fill=\"white\" opacity=\"0.1\"\/><\/pattern><\/defs><rect width=\"100\" height=\"100\" fill=\"url(%23grain)\"\/><\/svg>');\n            opacity: 0.3;\n        }\n\n        .hero-content {\n            position: relative;\n            z-index: 2;\n        }\n\n        .hero h1 {\n            font-size: 3.5rem;\n            margin-bottom: 20px;\n            font-weight: bold;\n            text-shadow: 2px 2px 4px rgba(0,0,0,0.3);\n        }\n\n        .hero .subtitle {\n            font-size: 1.4rem;\n            margin-bottom: 30px;\n            opacity: 0.9;\n        }\n\n        .cta-button {\n            display: inline-block;\n            background: linear-gradient(45deg, #e74c3c, #c0392b);\n            color: white;\n            padding: 18px 40px;\nmargin-top:10px;\n            text-decoration: none;\n            border-radius: 50px;\n            font-size: 1.2rem;\n            font-weight: bold;\n            transition: all 0.3s ease;\n            box-shadow: 0 5px 20px rgba(231, 76, 60, 0.4);\n            text-align: center;\n        }\n\n        .cta-button:hover {\n            transform: translateY(-3px);\n            box-shadow: 0 8px 30px rgba(231, 76, 60, 0.6);\n            background: linear-gradient(45deg, #c0392b, #a93226);\n        }\n\n        \/* Main Content *\/\n        .main-content {\n            background: white;\n            padding: 80px 0;\n        }\n\n        .section {\n            margin-bottom: 60px;\n        }\n\n        .section h2 {\n            font-size: 2.5rem;\n            color: #2c3e50;\n            margin-bottom: 30px;\n            text-align: center;\n            position: relative;\n        }\n\n        .section h2::after {\n            content: '';\n            display: block;\n            width: 80px;\n            height: 4px;\n            background: linear-gradient(45deg, #3498db, #2980b9);\n            margin: 15px auto;\n            border-radius: 2px;\n        }\n\n        .section h3 {\n            font-size: 1.8rem;\n            color: #34495e;\n            margin: 30px 0 15px 0;\n        }\n\n        .section p {\n            font-size: 1.1rem;\n            margin-bottom: 20px;\n            text-align: justify;\n            line-height: 1.8;\n        }\n\n        \/* Services Grid *\/\n        .services-grid {\n            display: grid;\n            grid-template-columns: repeat(auto-fit, minmax(300px, 1fr));\n            gap: 30px;\n            margin: 40px 0;\n        }\n\n        .service-card {\n            background: linear-gradient(135deg, #f8f9fa, #e9ecef);\n            padding: 30px;\n            border-radius: 15px;\n            box-shadow: 0 5px 25px rgba(0,0,0,0.1);\n            transition: all 0.3s ease;\n            border-left: 5px solid #3498db;\n        }\n\n        .service-card:hover {\n            transform: translateY(-5px);\n            box-shadow: 0 10px 40px rgba(0,0,0,0.15);\n        }\n\n        .service-card h4 {\n            font-size: 1.5rem;\n            color: #2c3e50;\n            margin-bottom: 15px;\n        }\n\n        \/* Benefits Section *\/\n        .benefits {\n            background: linear-gradient(135deg, #74b9ff, #0984e3);\n            padding: 80px 0;\n            color: white;\n        }\n\n        .benefits-grid {\n            display: grid;\n            grid-template-columns: repeat(auto-fit, minmax(250px, 1fr));\n            gap: 30px;\n            margin-top: 40px;\n        }\n\n        .benefit-item {\n            text-align: center;\n            padding: 20px;\n        }\n\n        .benefit-icon {\n            font-size: 3rem;\n            margin-bottom: 20px;\n            opacity: 0.9;\n        }\n\n        \/* FAQ Section *\/\n        .faq {\n            background: #f8f9fa;\n            padding: 80px 0;\n        }\n\n        .faq-item {\n            background: white;\n            margin-bottom: 20px;\n            border-radius: 10px;\n            overflow: hidden;\n            box-shadow: 0 2px 10px rgba(0,0,0,0.1);\n        }\n\n        .faq-question {\n            background: #3498db;\n            color: white;\n            padding: 20px;\n            cursor: pointer;\n            font-weight: bold;\n            font-size: 1.1rem;\n            transition: background 0.3s ease;\n        }\n\n        .faq-question:hover {\n            background: #2980b9;\n        }\n\n        .faq-answer {\n            padding: 20px;\n            display: none;\n            border-top: 1px solid #ecf0f1;\n        }\n\n        .faq-answer.active {\n            display: block;\n        }\n\n        \/* CTA Sections *\/\n        .cta-section {\n            background: linear-gradient(135deg, #2c3e50, #34495e);\n            color: white;\n            padding: 60px 0;\n            text-align: center;\n        }\n\n        .cta-section h3 {\n            font-size: 2rem;\n            margin-bottom: 20px;\n        }\n\n        \/* Footer *\/\n        .footer {\n            background: #2c3e50;\n            color: white;\n            padding: 40px 0;\n            text-align: center;\n        }\n\n        \/* Links *\/\n        a {\n            color: #3498db;\n            text-decoration: none;\n            transition: color 0.3s ease;\n        }\n\n        a:hover {\n            color: #2980b9;\n        }\n\n        .content a {\n            font-weight: bold;\n            border-bottom: 2px solid transparent;\n            transition: all 0.3s ease;\n        }\n\n        .content a:hover {\n            border-bottom-color: #3498db;\n        }\n\n        \/* Responsive *\/\n        @media (max-width: 768px) {\n            .hero h1 {\n                font-size: 2.5rem;\n            }\n            \n            .hero .subtitle {\n                font-size: 1.2rem;\n            }\n            \n            .section h2 {\n                font-size: 2rem;\n            }\n            \n            .container {\n                padding: 0 15px;\n            }\n            \n            .services-grid {\n                grid-template-columns: 1fr;\n            }\n        }\n\n        \/* Animations *\/\n        @keyframes fadeInUp {\n            from {\n                opacity: 0;\n                transform: translateY(30px);\n            }\n            to {\n                opacity: 1;\n                transform: translateY(0);\n            }\n        }\n\n        .animate-fade-in {\n            animation: fadeInUp 0.8s ease-out;\n        }\n    <\/style>\n<\/head>\n<body>\n\n<!--\n    <header class=\"header\">\n        <div class=\"container\">\n           <div class=\"logo\">CoachLab<\/div> \n        <\/div>\n    <\/header>\n-->\n\n    <section class=\"hero\">\n        <div class=\"container\">\n            <div class=\"hero-content animate-fade-in\">\n                <h1>\u00c1ll\u00e1skeres\u00e9si Coach &#038; Karrierv\u00e1lt\u00e1s Szak\u00e9rt\u0151<\/h1>\n                <p class=\"subtitle\">Tal\u00e1ld meg \u00e1lmaid \u00e1ll\u00e1s\u00e1t profi t\u00e1mogat\u00e1ssal! Sikeres karrierv\u00e1lt\u00e1shoz \u00e9s c\u00e9lzott \u00e1ll\u00e1skeres\u00e9hez.<\/p>\n                <a href=\"#kapcsolat\" class=\"cta-button\">Konzult\u00e1ci\u00f3 egyeztet\u00e9se<\/a>\n            <\/div>\n        <\/div>\n    <\/section>\n\n    <main class=\"main-content\">\n        <div class=\"container\">\n            <section class=\"section content\">\n                <h2>Profi \u00c1ll\u00e1skeres\u00e9si Coach \u00e9s Karrierv\u00e1lt\u00e1s Tan\u00e1csad\u00f3<\/h2>\n                \n                <p>V\u00e1ltoz\u00e1sra v\u00e1gysz a karrieredben? \u00daj \u00e1ll\u00e1st keresel, de nem megy k\u00f6nnyen? <strong>Karrierv\u00e1lt\u00e1son<\/strong> gondolkozol, de nem tudod, hogyan kezdj bele? Tapasztalt <strong>\u00c1ll\u00e1skeres\u00e9si Coach<\/strong> seg\u00edts\u00e9g\u00e9vel minden sokkal egyszer\u0171bb \u00e9s eredm\u00e9nyesebb lehet!<\/p>\n\n                <p>A CoachLab-n\u00e9l hisz\u00fcnk abban, hogy mindenkinek joga van egy olyan karrierhez, ami boldogg\u00e1 teszi \u00e9s kihozza bel\u0151le a legjobbat. Legyen sz\u00f3 p\u00e1lyakezd\u0151r\u0151l, fiatal vagy k\u00f6z\u00e9pkor\u00fa <strong>karrierv\u00e1lt\u00f3r\u00f3l<\/strong> illetve ak\u00e1r 50 \u00e9v feletti vezet\u0151r\u0151l vagy szakemberr\u0151l &#8211; minden \u00e9lethelyzetben tudunk seg\u00edteni.<\/p>\n\n                <h3>Mi\u00e9rt v\u00e1lassz minket \u00e1ll\u00e1skeres\u00e9si tan\u00e1csad\u00f3nak?<\/h3>\n                \n                <p>Az <strong>\u00e1ll\u00e1skeres\u00e9si tan\u00e1csad\u00f3<\/strong> szolg\u00e1ltat\u00e1sunk nem csak egy egyszer\u0171 CV, \u00f6n\u00e9letrajz \u00edr\u00e1s vagy interj\u00fa felk\u00e9sz\u00edt\u00e9s. Mi egy komplex, szem\u00e9lyre szabott megk\u00f6zel\u00edt\u00e9st alkalmazunk, ami a te egyedi helyzetedre, c\u00e9ljaidra \u00e9s lehet\u0151s\u00e9geidre f\u00f3kusz\u00e1l.<\/p>\n\n                <p>Sok \u00e1ll\u00e1skeres\u0151vel dolgozunk, akik kor\u00e1bban h\u00f3napokig, s\u0151t voltak akik m\u00e1r t\u00f6bb \u00e9ve pr\u00f3b\u00e1lkoztak eredm\u00e9nytelen\u00fcl. A <a href=\"https:\/\/coachlab.hu\/karrier-coaching\/\" target=\"_blank\">karrier coaching<\/a> folyamat sor\u00e1n azonban megtal\u00e1ljuk azokat a rejtett akad\u00e1lyokat, amelyek eddig h\u00e1tr\u00e1ltatt\u00e1k \u0151ket, \u00e9s kidolgozzuk a sikeres strat\u00e9gi\u00e1t.<\/p>\n\n                <div class=\"services-grid\">\n                    <div class=\"service-card\">\n                        <h4>Szem\u00e9lyre Szabott Strat\u00e9gia<\/h4>\n                        <p>Minden \u00fcgyf\u00e9l egyedi, ez\u00e9rt minden strat\u00e9gia is az. Felm\u00e9rj\u00fck a jelenlegi helyzeted, c\u00e9ljaid \u00e9s lehet\u0151s\u00e9geid, majd kidolgozzuk a sz\u00e1modra legmegfelel\u0151bb \u00fatvonalat.<\/p>\n                    <\/div>\n                    \n                    <div class=\"service-card\">\n                        <h4>\u00d6n\u00e9letrajz \u00e9s Motiv\u00e1ci\u00f3s Lev\u00e9l Optimaliz\u00e1l\u00e1s<\/h4>\n                        <p>Olyan \u00f6n\u00e9letrajzot \u00e9s k\u00eds\u00e9r\u0151levelet k\u00e9sz\u00edtes seg\u00edts\u00e9g\u00fcnkkel, amely kit\u0171nik a sok jelentkez\u0151 k\u00f6z\u00fcl \u00e9s felkelti a HR szakemberek \u00e9s a d\u00f6nt\u00e9shoz\u00f3k figyelm\u00e9t.<\/p>\n                    <\/div>\n                    \n                    <div class=\"service-card\">\n                        <h4>Interj\u00fa Felk\u00e9sz\u00edt\u00e9s<\/h4>\n                        <p>Gyakorlati felk\u00e9sz\u00edt\u00e9ssel biztos\u00edtjuk, hogy magabiztosan \u00e9s gy\u0151zelmesen teljes\u00edts minden \u00e1ll\u00e1sinterj\u00fan.<\/p>\n                    <\/div>\n                <\/div>\n\n                <h3>Karrierv\u00e1lt\u00e1s 40-50 \u00e9v felett is lehets\u00e9ges!<\/h3>\n                \n                <p>Sokan azt hiszik, hogy egy bizonyos kor ut\u00e1n m\u00e1r k\u00e9s\u0151 <strong>karrierv\u00e1lt\u00e1sra<\/strong> gondolni. Ez azonban egy m\u00edtosz! A tapasztalatunk azt mutatja, hogy a k\u00f6z\u00e9pkor\u00fa \u00e9s id\u0151sebb <a href=\"https:\/\/coachlab.hu\/karrier-coaching\/\" target=\"_blank\">karrierv\u00e1lt\u00f3k<\/a> gyakran sokkal sikeresebben tudj\u00e1k megval\u00f3s\u00edtani a v\u00e1lt\u00e1st, mint a fiatalabbak.<\/p>\n\n                <p>Mi\u00e9rt? Mert rendelkeznek \u00e9rt\u00e9kes tapasztalattal, kialakult szakmai kapcsolatokkal \u00e9s tiszt\u00e1bban l\u00e1tj\u00e1k, mit is akarnak val\u00f3j\u00e1ban. Az <strong>\u00e1ll\u00e1skeres\u00e9si coach<\/strong> seg\u00edts\u00e9g\u00e9vel ezeket az el\u0151ny\u00f6ket tudatosan ki tudjuk haszn\u00e1lni.<\/p>\n\n                <p>Sz\u00e1mos \u00fcgyfel\u00fcnk tal\u00e1lt \u00faj kih\u00edv\u00e1st \u00e9s teljes\u00edtm\u00e9nyt a karrierj\u00e9ben 45, 50, s\u0151t 55 \u00e9v felett is. A kulcs a megfelel\u0151 megk\u00f6zel\u00edt\u00e9sben \u00e9s strat\u00e9gi\u00e1ban rejlik.<\/p>\n            <\/section>\n\n            <div class=\"cta-section\">\n                <div class=\"container\">\n                    <h3>K\u00e9szen \u00e1llsz a v\u00e1ltoz\u00e1sra?<\/h3>\n                    <p>Ne v\u00e1rd tov\u00e1bb! Kezdd el m\u00e9g ma az utat a sikeres karrierv\u00e1lt\u00e1s vagy \u00e1ll\u00e1skeres\u00e9s fel\u00e9.<\/p>\n                    <a href=\"#kapcsolat\" class=\"cta-button\">Jelentkezz Most<\/a>\n                <\/div>\n            <\/div>\n\n            <section class=\"section content\">\n                <h3>A Coaching Folyamat L\u00e9p\u00e9sei<\/h3>\n                \n                <p>Az <strong>\u00e1ll\u00e1skeres\u00e9si tan\u00e1csad\u00e1s<\/strong> t\u00f6bb szakaszb\u00f3l \u00e1ll, amelyek mindegyike fontos szerepet j\u00e1tszik a sikerben:<\/p>\n\n                <p><strong>1. Helyzetelemz\u00e9s \u00e9s C\u00e9lmeghat\u00e1roz\u00e1s:<\/strong> El\u0151sz\u00f6r is alaposan megismerj\u00fck a jelenlegi helyzeted, eddigi karrierutat, er\u0151ss\u00e9geid \u00e9s fejlesztend\u0151 ter\u00fcleteid. K\u00f6z\u00f6sen meghat\u00e1rozzuk a konkr\u00e9t c\u00e9ljaidat.<\/p>\n\n                <p><strong>2. Piacfelm\u00e9r\u00e9s \u00e9s Pozicion\u00e1l\u00e1s:<\/strong> Megvizsg\u00e1ljuk a munkaer\u0151piac aktu\u00e1lis helyzet\u00e9t a te ter\u00fcleteden, azonos\u00edtjuk a lehet\u0151s\u00e9geket \u00e9s seg\u00edt\u00fcnk kidolgoznod a pozicion\u00e1l\u00e1si strat\u00e9gi\u00e1dat.<\/p>\n\n                <p><strong>3. Szem\u00e9lyes Brand \u00c9p\u00edt\u00e9s:<\/strong> Seg\u00edt\u00fcnk kialak\u00edtani az online \u00e9s offline szem\u00e9lyes m\u00e1rk\u00e1dat, ami seg\u00edt kit\u0171nni a versenyt\u00e1rsak k\u00f6z\u00fcl.<\/p>\n\n                <p><strong>4. Eszk\u00f6z\u00f6k Fejleszt\u00e9se:<\/strong> Seg\u00edt\u00fcnk hogy elk\u00e9sz\u00edtsd optimaliz\u00e1lt \u00f6n\u00e9letrajzodat, LinkedIn profilod \u00e9s minden egy\u00e9b eszk\u00f6zt, amit az \u00e1ll\u00e1skeres\u00e9s sor\u00e1n haszn\u00e1lni fogsz \u00e9s val\u00f3ban c\u00e9lra vezet, \u00e9s sikerre visz.<\/p>\n\n                <p><strong>5. Akt\u00edv Keres\u00e9s \u00e9s Networking:<\/strong> Megtan\u00edtunk arra, hogyan keress hat\u00e9konyan \u00e1ll\u00e1st, hogyan \u00e9p\u00edts szakmai kapcsolatokat \u00e9s hogyan haszn\u00e1ld ki a rejtett munkaer\u0151piacot.<\/p>\n\n                <p><strong>6. Interj\u00fa Mesters\u00e9g:<\/strong> R\u00e9szletes felk\u00e9sz\u00edt\u00e9st ny\u00fajtunk k\u00fcl\u00f6nb\u00f6z\u0151 t\u00edpus\u00fa interj\u00fakra, neh\u00e9z k\u00e9rd\u00e9sekre \u00e9s szitu\u00e1ci\u00f3kra.<\/p>\n\n                <h3>Speci\u00e1lis Szolg\u00e1ltat\u00e1sok K\u00fcl\u00f6nb\u00f6z\u0151 Koroszt\u00e1lyoknak<\/h3>\n                \n                <p><strong>P\u00e1lyakezd\u0151knek, fiataloknak:<\/strong> Ha most v\u00e9gzel vagy \u00e9pp elkezded a karriered, seg\u00edt\u00fcnk megtal\u00e1lni azt az ir\u00e1nyt, ami a legink\u00e1bb illik hozz\u00e1d. Megtan\u00edtunk arra, hogyan kompenz\u00e1ld a hi\u00e1nyz\u00f3 tapasztalatot \u00e9s hogyan mutasd be a potenci\u00e1lod.<\/p>\n\n                <p><strong>K\u00f6z\u00e9pkor\u00fa Karrierv\u00e1lt\u00f3knak:<\/strong> Ha \u00fagy \u00e9rzed, hogy elakadt\u00e1l a jelenlegi poz\u00edci\u00f3dban vagy \u00faj kih\u00edv\u00e1sokra v\u00e1gysz, seg\u00edt\u00fcnk \u00e1tgondolni a lehet\u0151s\u00e9geket \u00e9s megtervezni a sikeres \u00e1tmenetet.<\/p>\n\n                <p><strong>Tapasztalt Szakembereknek:<\/strong> Ha vezet\u0151 poz\u00edci\u00f3ban dolgozol vagy vezet\u0151 poz\u00edci\u00f3ra v\u00e1gysz, speci\u00e1lis coaching szolg\u00e1ltat\u00e1sainkkal t\u00e1mogatunk a vezet\u0151i karriered fejleszt\u00e9s\u00e9ben.<\/p>\n\n                <p>Az <a href=\"https:\/\/coachlab.hu\/karrier-coaching\/\" target=\"_blank\">\u00e1ll\u00e1skeres\u0151<\/a> folyamat sor\u00e1n mindenkinek szem\u00e9lyre szabott megk\u00f6zel\u00edt\u00e9st alkalmazunk, mert tudjuk, hogy minden ember \u00e9s minden karrier\u00fat egyedi.<\/p>\n            <\/section>\n        <\/div>\n    <\/main>\n\n    <section class=\"benefits\">\n        <div class=\"container\">\n<h2 style=\"color: white !important;\">Mi\u00e9rt \u00c9rdemes Hozz\u00e1nk Fordulnod?<\/h2>\n            <div class=\"benefits-grid\">\n                <div class=\"benefit-item\">\n                    <div class=\"benefit-icon\">\ud83c\udfaf<\/div>\n                    <h4 style=\"color: black !important;\">C\u00e9lzott Megk\u00f6zel\u00edt\u00e9s<\/h4>\n                    <p>Nem \u00e1ltal\u00e1nos tan\u00e1csokat kapsz, hanem konkr\u00e9t, sz\u00e1modra relev\u00e1ns strat\u00e9gi\u00e1t dolgozunk ki.<\/p>\n                <\/div>\n                \n                <div class=\"benefit-item\">\n                    <div class=\"benefit-icon\">\u23f1\ufe0f<\/div>\n                    <h4 style=\"color: black !important;\">Gyorsabb Eredm\u00e9nyek<\/h4>\n                    <p>Coaching seg\u00edts\u00e9g\u00e9vel \u00e1tlagosan 2-3x gyorsabban tal\u00e1lnak \u00e1ll\u00e1st az \u00fcgyfeleink.<\/p>\n                <\/div>\n                \n                <div class=\"benefit-item\">\n                    <div class=\"benefit-icon\">\ud83d\udcaa<\/div>\n                    <h4 style=\"color: black !important;\">\u00d6nbizalom N\u00f6vel\u00e9s<\/h4>\n                    <p>Nemcsak strat\u00e9gi\u00e1t, hanem magabiztoss\u00e1got is adunk az \u00e1ll\u00e1skeres\u00e9s sor\u00e1n.<\/p>\n                <\/div>\n                \n                <div class=\"benefit-item\">\n                    <div class=\"benefit-icon\">\ud83e\udd1d<\/div>\n                    <h4 style=\"color: black !important;\">Folyamatos T\u00e1mogat\u00e1s<\/h4>\n                    <p>V\u00e9gig melletted \u00e1llunk a folyamat sor\u00e1n, minden l\u00e9p\u00e9sn\u00e9l t\u00e1mogat\u00e1st ny\u00fajtunk.<\/p>\n                <\/div>\n            <\/div>\n        <\/div>\n    <\/section>\n\n    <section class=\"section content\">\n        <div class=\"container\">\n            <h3>Sikert\u00f6rt\u00e9netek Minden Koroszt\u00e1lyb\u00f3l<\/h3>\n            \n            <p>Az elm\u00falt \u00e9vekben sz\u00e1mos \u00fcgyfel\u00fcnk \u00e9rt el kiemelked\u0151 eredm\u00e9nyeket az <strong>\u00e1ll\u00e1skeres\u00e9si coach<\/strong> szolg\u00e1ltat\u00e1saink seg\u00edts\u00e9g\u00e9vel. Volt, aki 6 h\u00f3nap sikertelen keres\u00e9s ut\u00e1n 3 h\u00e9t alatt tal\u00e1lt \u00faj \u00e1ll\u00e1st, \u00e9s olyan is, aki 48, egy h\u00f6lgy pedig 54 \u00e9vesen v\u00e1ltott teljesen \u00faj szakm\u00e1ra.<\/p>\n\n            <p>A <strong>karrierv\u00e1lt\u00e1s<\/strong> soha nem k\u00e9s\u0151, \u00e9s az \u00e1ll\u00e1skeres\u00e9s nem kell, hogy f\u00e1jdalmas folyamat legyen. A megfelel\u0151 strat\u00e9gi\u00e1val, t\u00e1mogat\u00e1ssal \u00e9s eszk\u00f6z\u00f6kkel mindenki megtal\u00e1lhatja a sz\u00e1m\u00e1ra ide\u00e1lis munk\u00e1t.<\/p>\n\n            <h3>Miben K\u00fcl\u00f6nb\u00f6z\u00fcnk M\u00e1s Szolg\u00e1ltat\u00f3kt\u00f3l?<\/h3>\n            \n            <p>A piac tele van \u00e1ltal\u00e1nos karriertan\u00e1csad\u00f3kkal \u00e9s \u00f6n\u00e9ltrajz ill. CV \u00edr\u00f3 szolg\u00e1ltat\u00e1sokkal. Mi azonban t\u00f6bbet ny\u00fajtunk enn\u00e9l:<\/p>\n\n            <p><strong>Sz\u00e9lesk\u00f6r\u0171 Megk\u00f6zel\u00edt\u00e9s:<\/strong> Nem csak a technikai r\u00e9szletekkel foglalkozunk, hanem a teljes szem\u00e9lyis\u00e9geddel, \u00f6nbizalmaddal, \u00f6nismereteddel, motiv\u00e1ci\u00f3iddal \u00e9s c\u00e9ljaiddal is.<\/p>\n\n            <p><strong>Naprak\u00e9sz Piaci Ismeretek:<\/strong> Folyamatosan k\u00f6vetj\u00fck a munkaer\u0151piaci trendeket \u00e9s ennek megfelel\u0151en alak\u00edtjuk a strat\u00e9gi\u00e1inkat.<\/p>\n\n            <p><strong>Szem\u00e9lyes Figyelem:<\/strong> Minden \u00fcgyf\u00e9l egyedi t\u00e1mogat\u00e1st kap, n\u00e1lunk nincs t\u00f6megtermel\u00e9s.<\/p>\n\n            <p><strong>Eredm\u00e9nyorient\u00e1lt Hozz\u00e1\u00e1ll\u00e1s:<\/strong> A sikereden dolgozunk, nem csak &#8222;tan\u00e1csokat&#8221; kapsz.<\/p>\n\n            <p>Az <strong>\u00e1ll\u00e1skeres\u00e9si tan\u00e1csad\u00f3<\/strong> szerep\u00fcnkben nem csak az \u00f6n\u00e9letrajzod feljav\u00edt\u00e1s\u00e1ban seg\u00edt\u00fcnk, hanem k\u00f6z\u00f6sen az eg\u00e9sz \u00e1ll\u00e1skeres\u0151 strat\u00e9gi\u00e1dat \u00e1tgondoljuk \u00e9s optimaliz\u00e1ljuk.<\/p>\n        <\/div>\n    <\/section>\n\n    <div class=\"cta-section\">\n        <div class=\"container\">\n            <h3>Ne V\u00e1rd Tov\u00e1bb a T\u00f6k\u00e9letes Pillanatot!<\/h3>\n            <p>A legjobb id\u0151pont a v\u00e1ltoz\u00e1sra: MOST. L\u00e9pj kapcsolatba vel\u00fcnk m\u00e9g ma!<\/p>\n            <a href=\"#kapcsolat\" class=\"cta-button\">Konzult\u00e1ci\u00f3 K\u00e9r\u00e9s<\/a>\n        <\/div>\n    <\/div>\n\n\n\n<!--\n    <section class=\"faq\">\n        <div class=\"container\">\n            <h2>Gyakran Ism\u00e9telt K\u00e9rd\u00e9sek<\/h2>\n            \n            <div class=\"faq-item\">\n                <div class=\"faq-question\" onclick=\"toggleFaq(this)\">\n                    Miben seg\u00edt egy \u00e1ll\u00e1skeres\u00e9si coach?\n                <\/div>\n                <div class=\"faq-answer\">\n                    <p>Egy \u00e1ll\u00e1skeres\u00e9si coach seg\u00edt optimaliz\u00e1lni az \u00f6n\u00e9letrajzodat, felk\u00e9sz\u00edt az \u00e1ll\u00e1sinterj\u00fakra, seg\u00edt azonos\u00edtani a karrierc\u00e9ljaidat \u00e9s vele strat\u00e9gi\u00e1t dolgoztok ki a sikeres \u00e1ll\u00e1skeres\u00e9shez. Emellett t\u00e1mogat\u00e1st ny\u00fajt a <a href=\"https:\/\/coachlab.hu\/blog\/rovid-motivacios-idezetek-ero-a-mindennapokhoz\/\" title=\"R\u00f6vid motiv\u00e1ci\u00f3s id\u00e9zetek: Er\u0151 a mindennapokhoz\" target=\"_blank\" rel=\"noopener\">motiv\u00e1ci\u00f3 fenntart\u00e1s\u00e1ban \u00e9s az \u00f6nbizalom \u00e9p\u00edt\u00e9s\u00e9ben<\/a> is.<\/p>\n                <\/div>\n            <\/div>\n            \n            <div class=\"faq-item\">\n                <div class=\"faq-question\" onclick=\"toggleFaq(this)\">\n                    Mennyi id\u0151 alatt tal\u00e1lok \u00faj \u00e1ll\u00e1st a coaching seg\u00edts\u00e9g\u00e9vel?\n                <\/div>\n                <div class=\"faq-answer\">\n                    <p>Az eredm\u00e9nyek egy\u00e9nenk\u00e9nt v\u00e1ltoznak, de tapasztalataink szerint az \u00fcgyfeleink \u00e1tlagosan 2-6 h\u00f3napon bel\u00fcl sikeresen tal\u00e1lnak megfelel\u0151 poz\u00edci\u00f3t a coaching t\u00e1mogat\u00e1s\u00e1val. Ez jelent\u0151sen gyorsabb lehet, mint az egyed\u00fcl v\u00e9gzett \u00e1ll\u00e1skeres\u00e9s.<\/p>\n                <\/div>\n            <\/div>\n            \n            <div class=\"faq-item\">\n                <div class=\"faq-question\" onclick=\"toggleFaq(this)\">\n                    Seg\u00edt a karrierv\u00e1lt\u00e1sban is a coaching?\n                <\/div>\n                <div class=\"faq-answer\">\n                    <p>Igen, a karrierv\u00e1lt\u00e1s coaching seg\u00edt \u00faj ir\u00e1nyt tal\u00e1lni, kezelni az \u00e1tmeneti id\u0151szakot \u00e9s sikeres v\u00e1lt\u00e1st megval\u00f3s\u00edtani ak\u00e1r 40-50 \u00e9v felett is. Sz\u00e1mos \u00fcgyfel\u00fcnk v\u00e1ltott sikeresen \u00faj szakm\u00e1ra vagy v\u00e1llalkoz\u00e1sra a megfelel\u0151 t\u00e1mogat\u00e1ssal.<\/p>\n                <\/div>\n            <\/div>\n            \n            <div class=\"faq-item\">\n                <div class=\"faq-question\" onclick=\"toggleFaq(this)\">\n                    Milyen koroszt\u00e1lyoknak aj\u00e1nlott a szolg\u00e1ltat\u00e1s?\n                <\/div>\n                <div class=\"faq-answer\">\n                    <p>Minden koroszt\u00e1lynak - fiatal p\u00e1lyakezd\u0151kt\u0151l a k\u00f6z\u00e9pkor\u00fa \u00e9s id\u0151sebb karrierv\u00e1lt\u00f3kig. Minden \u00e9lethelyzethez \u00e9s karrierf\u00e1zishoz szem\u00e9lyre szabott megk\u00f6zel\u00edt\u00e9st alkalmazunk, legyen sz\u00f3 az els\u0151 munkahelyr\u0151l vagy vezet\u0151 poz\u00edci\u00f3kr\u00f3l.<\/p>\n                <\/div>\n            <\/div>\n            \n            <div class=\"faq-item\">\n                <div class=\"faq-question\" onclick=\"toggleFaq(this)\">\n                    Online is el\u00e9rhet\u0151 a coaching szolg\u00e1ltat\u00e1s?\n                <\/div>\n                <div class=\"faq-answer\">\n                    <p>Igen, online konzult\u00e1ci\u00f3kat is tartunk, \u00edgy b\u00e1rhonnan el\u00e9rhet\u0151 a szolg\u00e1ltat\u00e1sunk Magyarorsz\u00e1gon \u00e9s ak\u00e1r k\u00fclf\u00f6ld\u00f6n is, magyar \u00e9s angol nyelven egyar\u00e1nt. Online m\u00f3dszereink ugyanolyan hat\u00e9konyak, mint a szem\u00e9lyes tal\u00e1lkoz\u00f3k.<\/p>\n                <\/div>\n            <\/div>\n        <\/div>\n    <\/section>\n\n\n-->\n\n<section class=\"faq\">\n    <div class=\"container\">\n        <h2>Gyakran Ism\u00e9telt K\u00e9rd\u00e9sek<\/h2>\n        \n        <div class=\"faq-item\">\n            <h3 style=\"background: #3498db; color: white; padding: 20px; margin: 0; font-size: 1.2rem; font-weight: bold;\">\n                Miben seg\u00edt egy \u00e1ll\u00e1skeres\u00e9si coach?\n            <\/h3>\n            <div style=\"padding: 25px; background: white; font-size: 1.1rem; line-height: 1.7;\">\n                <p>Egy \u00e1ll\u00e1skeres\u00e9si coach seg\u00edt optimaliz\u00e1lni az \u00f6n\u00e9letrajzodat, felk\u00e9sz\u00edt az \u00e1ll\u00e1sinterj\u00fakra, seg\u00edt azonos\u00edtani a karrierc\u00e9ljaidat \u00e9s vele strat\u00e9gi\u00e1t dolgozhattok ki a sikeres \u00e1ll\u00e1skeres\u00e9shez. Emellett t\u00e1mogat\u00e1st ny\u00fajt a motiv\u00e1ci\u00f3 fenntart\u00e1s\u00e1ban \u00e9s az \u00f6nbizalom \u00e9p\u00edt\u00e9s\u00e9ben is.<\/p>\n            <\/div>\n        <\/div>\n        \n        <div class=\"faq-item\">\n            <h3 style=\"background: #3498db; color: white; padding: 20px; margin: 0; font-size: 1.2rem; font-weight: bold;\">\n                Mennyi id\u0151 alatt tal\u00e1lok \u00faj \u00e1ll\u00e1st a coaching seg\u00edts\u00e9g\u00e9vel?\n            <\/h3>\n            <div style=\"padding: 25px; background: white; font-size: 1.1rem; line-height: 1.7;\">\n                <p>Az eredm\u00e9nyek egy\u00e9nenk\u00e9nt v\u00e1ltoznak, de tapasztalataink szerint az \u00fcgyfeleink \u00e1tlagosan 2-6 h\u00f3napon bel\u00fcl sikeresen tal\u00e1lnak ide\u00e1lis, megfelel\u0151 poz\u00edci\u00f3t a coaching t\u00e1mogat\u00e1s\u00e1val. Ez jelent\u0151sen gyorsabb lehet, mint az egyed\u00fcl v\u00e9gzett \u00e1ll\u00e1skeres\u00e9s eset\u00e9ben.<\/p>\n            <\/div>\n        <\/div>\n        \n        <div class=\"faq-item\">\n            <h3 style=\"background: #3498db; color: white; padding: 20px; margin: 0; font-size: 1.2rem; font-weight: bold;\">\n                Seg\u00edt a karrierv\u00e1lt\u00e1sban is a coaching?\n            <\/h3>\n            <div style=\"padding: 25px; background: white; font-size: 1.1rem; line-height: 1.7;\">\n                <p>Igen, a karrierv\u00e1lt\u00e1s coaching seg\u00edt \u00faj ir\u00e1nyt tal\u00e1lni, kezelni az \u00e1tmeneti id\u0151szakot \u00e9s sikeres v\u00e1lt\u00e1st megval\u00f3s\u00edtani ak\u00e1r 40-50 \u00e9v felett is. Sz\u00e1mos \u00fcgyfel\u00fcnk v\u00e1ltott sikeresen \u00faj szakm\u00e1ra vagy ak\u00e1r saj\u00e1t v\u00e1llalkoz\u00e1sra a megfelel\u0151 coaching t\u00e1mogat\u00e1ssal.<\/p>\n            <\/div>\n        <\/div>\n        \n        <div class=\"faq-item\">\n            <h3 style=\"background: #3498db; color: white; padding: 20px; margin: 0; font-size: 1.2rem; font-weight: bold;\">\n                Milyen koroszt\u00e1lyoknak aj\u00e1nlott a szolg\u00e1ltat\u00e1s?\n            <\/h3>\n            <div style=\"padding: 25px; background: white; font-size: 1.1rem; line-height: 1.7;\">\n                <p>Minden koroszt\u00e1lynak &#8211; fiatal p\u00e1lyakezd\u0151kt\u0151l a k\u00f6z\u00e9pkor\u00fa \u00e9s id\u0151sebb karrierv\u00e1lt\u00f3kig. Minden \u00e9lethelyzethez \u00e9s karrierf\u00e1zishoz szem\u00e9lyre szabott megk\u00f6zel\u00edt\u00e9st alkalmazunk, legyen sz\u00f3 friss, els\u0151 munkahelyr\u0151l, \u00e1ll\u00e1sr\u00f3l vagy vezet\u0151 poz\u00edci\u00f3kr\u00f3l.<\/p>\n            <\/div>\n        <\/div>\n        \n        <div class=\"faq-item\">\n            <h3 style=\"background: #3498db; color: white; padding: 20px; margin: 0; font-size: 1.2rem; font-weight: bold;\">\n                Online is el\u00e9rhet\u0151 a coaching szolg\u00e1ltat\u00e1s?\n            <\/h3>\n            <div style=\"padding: 25px; background: white; font-size: 1.1rem; line-height: 1.7;\">\n                <p>Igen, online konzult\u00e1ci\u00f3kat is tartunk, \u00edgy b\u00e1rhonnan el\u00e9rhet\u0151 a szolg\u00e1ltat\u00e1sunk Magyarorsz\u00e1gon \u00e9s k\u00fclf\u00f6ld\u00f6n egyar\u00e1nt magyar \u00e9s ak\u00e1r angol nyelven is. A kifejlesztett online m\u00f3dszereink ugyanolyan hat\u00e9konyak, mint a szem\u00e9lyes tal\u00e1lkoz\u00f3k.<\/p>\n            <\/div>\n        <\/div>\n    <\/div>\n<\/section>\n\n\n\n    <section class=\"section content\">\n        <div class=\"container\">\n            <h3>K\u00f6vetkez\u0151 L\u00e9p\u00e9sek<\/h3>\n            \n            <p>Ha \u00fagy \u00e9rzed, hogy k\u00e9szen \u00e1llsz a v\u00e1ltoz\u00e1sra, \u00e9s szeretn\u00e9d egy tapasztalt <strong>\u00e1ll\u00e1skeres\u00e9si coach<\/strong> seg\u00edts\u00e9g\u00e9t ig\u00e9nybe venni, akkor ne habozz! Az els\u0151 l\u00e9p\u00e9s mindig a legnehezebb, de mi v\u00e9gig t\u00e1mogatunk t\u00e9ged.<\/p>\n\n            <p>A <strong>karrierv\u00e1lt\u00e1s<\/strong> vagy hat\u00e9kony \u00e1ll\u00e1skeres\u00e9s nem csak egy \u00faj munk\u00e1r\u00f3l sz\u00f3l &#8211; egy \u00faj \u00e9letszakasz kezdet\u00e9r\u0151l, nagyobb el\u00e9gedetts\u00e9gr\u0151l \u00e9s sikerr\u0151l. Meg\u00e9rdemled! Tegy\u00e9l \u00e9rte, hogy olyan munk\u00e1d legyen, ami boldogg\u00e1 tesz \u00e9s kihozza bel\u0151led a legjobbat. Itt vagyunk, seg\u00edt\u00fcnk!<\/p>\n\n            <p>Vedd fel vel\u00fcnk a kapcsolatot m\u00e9g ma, \u00e9s kezdj\u00fck el k\u00f6z\u00f6sen megtervezni a sikeres j\u00f6v\u0151det! M\u00e1r az els\u0151 konzult\u00e1ci\u00f3 sor\u00e1n megbesz\u00e9lhetj\u00fck a lehet\u0151s\u00e9geket \u00e9s kidolgozhatjuk a sz\u00e1modra legmegfelel\u0151bb strat\u00e9gi\u00e1t.<\/p>\n\n\n\n<div style=\"height:100px\" aria-hidden=\"true\" class=\"wp-block-spacer\"><\/div>\n\n\n\n<figure class=\"wp-block-image aligncenter size-full is-resized\"><img decoding=\"async\" width=\"640\" height=\"640\" src=\"https:\/\/CoachLab.hu\/wp-content\/uploads\/Allaskeresesi-coach-Karriervaltasi-tanacsado-ai-generated-8701387_1280.jpg\" alt=\"\u00e1ll\u00e1skeres\u00e9si coach\nkarrierv\u00e1lt\u00e1si tan\u00e1csad\u00f3\" class=\"wp-image-259918\" style=\"width:400px\" srcset=\"https:\/\/CoachLab.hu\/wp-content\/uploads\/Allaskeresesi-coach-Karriervaltasi-tanacsado-ai-generated-8701387_1280.jpg 640w, https:\/\/CoachLab.hu\/wp-content\/uploads\/Allaskeresesi-coach-Karriervaltasi-tanacsado-ai-generated-8701387_1280-480x480.jpg 480w\" sizes=\"(min-width: 0px) and (max-width: 480px) 480px, (min-width: 481px) 640px, 100vw\" \/><figcaption class=\"wp-element-caption\">\u00e1ll\u00e1skeres\u00e9si coach\nkarrierv\u00e1lt\u00e1si tan\u00e1csad\u00f3<\/figcaption><\/figure>\n\n\n\n<div style=\"height:100px\" aria-hidden=\"true\" class=\"wp-block-spacer\"><\/div>\n<span class=\"et_bloom_bottom_trigger\"><\/span>","protected":false},"excerpt":{"rendered":"<p>\u00c1ll\u00e1skeres\u00e9si Coach | Karrierv\u00e1lt\u00e1s Tan\u00e1csad\u00f3 | CoachLab.hu \u00c1ll\u00e1skeres\u00e9si Coach &#038; Karrierv\u00e1lt\u00e1s Szak\u00e9rt\u0151 Tal\u00e1ld meg \u00e1lmaid \u00e1ll\u00e1s\u00e1t profi t\u00e1mogat\u00e1ssal! Sikeres karrierv\u00e1lt\u00e1shoz \u00e9s c\u00e9lzott \u00e1ll\u00e1skeres\u00e9hez. Konzult\u00e1ci\u00f3 egyeztet\u00e9se Profi \u00c1ll\u00e1skeres\u00e9si Coach \u00e9s Karrierv\u00e1lt\u00e1s Tan\u00e1csad\u00f3 V\u00e1ltoz\u00e1sra v\u00e1gysz a karrieredben? \u00daj \u00e1ll\u00e1st keresel, de nem megy k\u00f6nnyen? Karrierv\u00e1lt\u00e1son gondolkozol, de nem tudod, hogyan kezdj bele? Tapasztalt \u00c1ll\u00e1skeres\u00e9si Coach seg\u00edts\u00e9g\u00e9vel minden [&hellip;]<\/p>\n","protected":false},"author":526,"featured_media":259918,"parent":0,"menu_order":0,"comment_status":"closed","ping_status":"closed","template":"","meta":{"_et_pb_use_builder":"off","_et_pb_old_content":"","_et_gb_content_width":"1080","footnotes":""},"class_list":["post-259911","page","type-page","status-publish","has-post-thumbnail","hentry"],"_links":{"self":[{"href":"https:\/\/coachlab.hu\/de\/wp-json\/wp\/v2\/pages\/259911","targetHints":{"allow":["GET"]}}],"collection":[{"href":"https:\/\/coachlab.hu\/de\/wp-json\/wp\/v2\/pages"}],"about":[{"href":"https:\/\/coachlab.hu\/de\/wp-json\/wp\/v2\/types\/page"}],"author":[{"embeddable":true,"href":"https:\/\/coachlab.hu\/de\/wp-json\/wp\/v2\/users\/526"}],"replies":[{"embeddable":true,"href":"https:\/\/coachlab.hu\/de\/wp-json\/wp\/v2\/comments?post=259911"}],"version-history":[{"count":10,"href":"https:\/\/coachlab.hu\/de\/wp-json\/wp\/v2\/pages\/259911\/revisions"}],"predecessor-version":[{"id":15767424,"href":"https:\/\/coachlab.hu\/de\/wp-json\/wp\/v2\/pages\/259911\/revisions\/15767424"}],"wp:featuredmedia":[{"embeddable":true,"href":"https:\/\/coachlab.hu\/de\/wp-json\/wp\/v2\/media\/259918"}],"wp:attachment":[{"href":"https:\/\/coachlab.hu\/de\/wp-json\/wp\/v2\/media?parent=259911"}],"curies":[{"name":"wp","href":"https:\/\/api.w.org\/{rel}","templated":true}]}}